{"id":11891,"date":"2021-04-20T16:06:04","date_gmt":"2021-04-20T14:06:04","guid":{"rendered":"https:\/\/www.nocedereve.fr\/we-are-in-the-french-press"},"modified":"2021-04-20T16:06:51","modified_gmt":"2021-04-20T14:06:51","slug":"we-are-in-the-french-press","status":"publish","type":"page","link":"https:\/\/www.nocedereve.fr\/en\/we-are-in-the-french-press","title":{"rendered":"French press"},"content":{"rendered":"\n<style type=\"text\/css\" data-created_by=\"avia_inline_auto\" id=\"style-css-av-6etd2-d58cc21baf98151633c318a524e1a1e8\">\n.flex_column.av-6etd2-d58cc21baf98151633c318a524e1a1e8{\nborder-radius:0px 0px 0px 0px;\npadding:0px 0px 0px 0px;\n}\n<\/style>\n<div  class='flex_column av-6etd2-d58cc21baf98151633c318a524e1a1e8 av_one_full  avia-builder-el-0  el_before_av_one_half  avia-builder-el-first  first flex_column_div av-zero-column-padding  '     ><section  class='av_textblock_section av-kh5fxidj-92da832d58b7f0cdf2e46bdb8e07e647 '   itemscope=\"itemscope\" itemtype=\"https:\/\/schema.org\/CreativeWork\" ><div class='avia_textblock'  itemprop=\"text\" ><h2>On TV<\/h2>\n<\/div><\/section><\/div>\n\n<style type=\"text\/css\" data-created_by=\"avia_inline_auto\" id=\"style-css-av-fppmra-35975a6b4a72d26f65473e222e733037\">\n.flex_column.av-fppmra-35975a6b4a72d26f65473e222e733037{\nborder-radius:0px 0px 0px 0px;\npadding:0px 0px 0px 0px;\n}\n<\/style>\n<div  class='flex_column av-fppmra-35975a6b4a72d26f65473e222e733037 av_one_half  avia-builder-el-2  el_after_av_one_full  el_before_av_one_half  first flex_column_div av-zero-column-padding  column-top-margin'     ><div  class='avia-video av-kh5fv64x-2e8dd4adabd80e18ef84a52b1e75f9b6 avia-video-16-9 av-no-preview-image avia-video-load-always av-lazyload-immediate av-lazyload-video-embed'  itemprop=\"video\" itemtype=\"https:\/\/schema.org\/VideoObject\"  data-original_url='https:\/\/youtu.be\/wxR8r9R7OeI'><script type='text\/html' class='av-video-tmpl'><div class='avia-iframe-wrap'><iframe loading=\"lazy\" title=\"BFM TV : FLOVINNO organise votre mariage sans stress !\" width=\"1500\" height=\"844\" src=\"https:\/\/www.youtube.com\/embed\/wxR8r9R7OeI?feature=oembed&autoplay=0&loop=0&controls=1&mute=0\" frameborder=\"0\" allow=\"accelerometer; autoplay; clipboard-write; encrypted-media; gyroscope; picture-in-picture\" allowfullscreen><\/iframe><\/div><\/script><div class='av-click-to-play-overlay'><div class=\"avia_playpause_icon\"><\/div><\/div><\/div><\/div>\n\n<style type=\"text\/css\" data-created_by=\"avia_inline_auto\" id=\"style-css-av-1cx5ye-07518c58988b413884312a2abcc37af6\">\n.flex_column.av-1cx5ye-07518c58988b413884312a2abcc37af6{\nborder-radius:0px 0px 0px 0px;\npadding:0px 0px 0px 0px;\n}\n<\/style>\n<div  class='flex_column av-1cx5ye-07518c58988b413884312a2abcc37af6 av_one_half  avia-builder-el-4  el_after_av_one_half  el_before_av_one_full  flex_column_div av-zero-column-padding  column-top-margin'     ><div  class='avia-video av-kh5fwtmq-4fe17eb539238c05e7659350dacf3b95 avia-video-16-9 av-no-preview-image avia-video-load-always av-lazyload-immediate av-lazyload-video-embed'  itemprop=\"video\" itemtype=\"https:\/\/schema.org\/VideoObject\"  data-original_url='https:\/\/youtu.be\/s-fVCB-nVl4'><script type='text\/html' class='av-video-tmpl'><div class='avia-iframe-wrap'><iframe loading=\"lazy\" title=\"CORONAVIRUS: Le secteur des mariages impact\u00e9. Florence en direct sur BFM TV.\" width=\"1500\" height=\"844\" src=\"https:\/\/www.youtube.com\/embed\/s-fVCB-nVl4?feature=oembed&autoplay=0&loop=0&controls=1&mute=0\" frameborder=\"0\" allow=\"accelerometer; autoplay; clipboard-write; encrypted-media; gyroscope; picture-in-picture\" allowfullscreen><\/iframe><\/div><\/script><div class='av-click-to-play-overlay'><div class=\"avia_playpause_icon\"><\/div><\/div><\/div><\/div>\n\n<style type=\"text\/css\" data-created_by=\"avia_inline_auto\" id=\"style-css-av-buycie-573d5c24a37201485a098324d0a96e4b\">\n.flex_column.av-buycie-573d5c24a37201485a098324d0a96e4b{\nborder-radius:0px 0px 0px 0px;\npadding:0px 0px 0px 0px;\n}\n<\/style>\n<div  class='flex_column av-buycie-573d5c24a37201485a098324d0a96e4b av_one_full  avia-builder-el-6  el_after_av_one_half  el_before_av_one_third  first flex_column_div av-zero-column-padding  column-top-margin'     ><section  class='av_textblock_section av-kh5fy8fe-4db67066de0da160482a38cda7773607 '   itemscope=\"itemscope\" itemtype=\"https:\/\/schema.org\/CreativeWork\" ><div class='avia_textblock'  itemprop=\"text\" ><h2>On radio<\/h2>\n<\/div><\/section><\/div>\n\n<style type=\"text\/css\" data-created_by=\"avia_inline_auto\" id=\"style-css-av-4duf2u-306bdd087dd36c421dc1b41d20f5ed8c\">\n.flex_column.av-4duf2u-306bdd087dd36c421dc1b41d20f5ed8c{\nborder-radius:0px 0px 0px 0px;\npadding:0px 0px 0px 0px;\n}\n<\/style>\n<div  class='flex_column av-4duf2u-306bdd087dd36c421dc1b41d20f5ed8c av_one_third  avia-builder-el-8  el_after_av_one_full  el_before_av_one_third  first flex_column_div av-zero-column-padding  column-top-margin'     ><p><div id=\"av_player-1\" class=\"av-player av-player-container av-kkcoy5zb-ed67d681909887f5c8c1de62814bdb8f avia-playerstyle-classic av_player-1  avia-builder-el-9  el_before_av_textblock  avia-builder-el-first  av-player-hide-playlist first avia-playlist-hide-cover\"><div class=\"av-player-player-container\"><div class=\"wp-playlist wp-audio-playlist wp-playlist-light\">\n\t\t\t<div class=\"wp-playlist-current-item\"><\/div>\n\t\t<audio controls=\"controls\" preload=\"none\" width=\"1478\"\n\t\t\t><\/audio>\n\t<div class=\"wp-playlist-next\"><\/div>\n\t<div class=\"wp-playlist-prev\"><\/div>\n\t<noscript>\n\t<ol>\n\t\t<li><a href='https:\/\/www.nocedereve.fr\/wp-content\/uploads\/2021\/01\/Florence-Sud-Radio-13JAN2021.mp3'><img loading=\"lazy\" decoding=\"async\" width=\"100\" height=\"100\" src=\"https:\/\/www.nocedereve.fr\/wp-content\/uploads\/2021\/01\/SudRadio-100x100.jpg\" class=\"attachment-thumbnail size-thumbnail\" alt=\"\" \/><\/a><\/li>\t<\/ol>\n\t<\/noscript>\n\t<script type=\"application\/json\" class=\"wp-playlist-script\">{\"type\":\"audio\",\"tracklist\":true,\"tracknumbers\":true,\"images\":true,\"artists\":true,\"tracks\":[{\"src\":\"https:\/\/www.nocedereve.fr\/wp-content\/uploads\/2021\/01\/Florence-Sud-Radio-13JAN2021.mp3\",\"type\":\"audio\/mpeg\",\"title\":\"Florence Sud-Radio 13JAN2021\",\"caption\":\"\",\"description\":\"\\u003Ci\\u003EFlorence Sud-Radio 13JAN2021\\u003C\/i\\u003E par FLOVINNO.\",\"meta\":[],\"image\":{\"src\":\"https:\/\/www.nocedereve.fr\/wp-content\/uploads\/2021\/01\/SudRadio-100x100.jpg\",\"width\":48,\"height\":64},\"thumb\":{\"src\":\"https:\/\/www.nocedereve.fr\/wp-content\/uploads\/2021\/01\/SudRadio-100x100.jpg\",\"width\":48,\"height\":64}}]}<\/script>\n<\/div>\n\t<\/div><\/div><br \/>\n<section  class='av_textblock_section av-kjvdhfgn-564e2e25d7250e70ecd8bf49b2820cc4 '   itemscope=\"itemscope\" itemtype=\"https:\/\/schema.org\/CreativeWork\" ><div class='avia_textblock'  itemprop=\"text\" ><p style=\"text-align: center;\">Sud Radio January 2021<\/p>\n<\/div><\/section><\/p><\/div>\n\n<style type=\"text\/css\" data-created_by=\"avia_inline_auto\" id=\"style-css-av-4duf2u-a1d8f02d220db3b525c00da0a172f30c\">\n.flex_column.av-4duf2u-a1d8f02d220db3b525c00da0a172f30c{\nborder-radius:0px 0px 0px 0px;\npadding:0px 0px 0px 0px;\n}\n<\/style>\n<div  class='flex_column av-4duf2u-a1d8f02d220db3b525c00da0a172f30c av_one_third  avia-builder-el-11  el_after_av_one_third  el_before_av_one_full  flex_column_div av-zero-column-padding  column-top-margin'     ><p><div id=\"av_player-2\" class=\"av-player av-player-container av-kkcoy5zb-ed67d681909887f5c8c1de62814bdb8f avia-playerstyle-classic av_player-2  avia-builder-el-12  el_before_av_textblock  avia-builder-el-first  av-player-hide-playlist avia-playlist-hide-cover\"><div class=\"av-player-player-container\"><div class=\"wp-playlist wp-audio-playlist wp-playlist-light\">\n\t\t\t<div class=\"wp-playlist-current-item\"><\/div>\n\t\t<audio controls=\"controls\" preload=\"none\" width=\"1478\"\n\t\t\t><\/audio>\n\t<div class=\"wp-playlist-next\"><\/div>\n\t<div class=\"wp-playlist-prev\"><\/div>\n\t<noscript>\n\t<ol>\n\t\t<li><a href='https:\/\/www.nocedereve.fr\/wp-content\/uploads\/2021\/04\/2021_03_31_RCJ_RADIO.mp3'><img loading=\"lazy\" decoding=\"async\" width=\"100\" height=\"100\" src=\"https:\/\/www.nocedereve.fr\/wp-content\/uploads\/2021\/01\/SudRadio-100x100.jpg\" class=\"attachment-thumbnail size-thumbnail\" alt=\"\" \/><\/a><\/li>\t<\/ol>\n\t<\/noscript>\n\t<script type=\"application\/json\" class=\"wp-playlist-script\">{\"type\":\"audio\",\"tracklist\":true,\"tracknumbers\":true,\"images\":true,\"artists\":true,\"tracks\":[{\"src\":\"https:\/\/www.nocedereve.fr\/wp-content\/uploads\/2021\/04\/2021_03_31_RCJ_RADIO.mp3\",\"type\":\"audio\/mpeg\",\"title\":\"2021_03_31_RCJ_RADIO\",\"caption\":\"\",\"description\":\"\\u003Ci\\u003E2021_03_31_RCJ_RADIO\\u003C\/i\\u003E.\",\"meta\":{\"length_formatted\":\"7:24\"},\"image\":{\"src\":\"https:\/\/www.nocedereve.fr\/wp-content\/uploads\/2021\/01\/SudRadio-100x100.jpg\",\"width\":48,\"height\":64},\"thumb\":{\"src\":\"https:\/\/www.nocedereve.fr\/wp-content\/uploads\/2021\/01\/SudRadio-100x100.jpg\",\"width\":48,\"height\":64}}]}<\/script>\n<\/div>\n\t<\/div><\/div><br \/>\n<section  class='av_textblock_section av-kjvdhfgn-564e2e25d7250e70ecd8bf49b2820cc4 '   itemscope=\"itemscope\" itemtype=\"https:\/\/schema.org\/CreativeWork\" ><div class='avia_textblock'  itemprop=\"text\" ><p style=\"text-align: center;\">Radio RCJ Mars 2021<\/p>\n<\/div><\/section><\/p><\/div>\n<style type=\"text\/css\" data-created_by=\"avia_inline_auto\" id=\"style-css-av-buycie-573d5c24a37201485a098324d0a96e4b\">\n.flex_column.av-buycie-573d5c24a37201485a098324d0a96e4b{\nborder-radius:0px 0px 0px 0px;\npadding:0px 0px 0px 0px;\n}\n<\/style>\n<div  class='flex_column av-buycie-573d5c24a37201485a098324d0a96e4b av_one_full  avia-builder-el-14  el_after_av_one_third  el_before_av_one_third  first flex_column_div av-zero-column-padding  column-top-margin'     ><section  class='av_textblock_section av-kh5fy8fe-4db67066de0da160482a38cda7773607 '   itemscope=\"itemscope\" itemtype=\"https:\/\/schema.org\/CreativeWork\" ><div class='avia_textblock'  itemprop=\"text\" ><h2>In the press<\/h2>\n<\/div><\/section><\/div><\/p>\n\n<style type=\"text\/css\" data-created_by=\"avia_inline_auto\" id=\"style-css-av-11xaeu-53146c35cedf71df06a56f1c660e638d\">\n.flex_column.av-11xaeu-53146c35cedf71df06a56f1c660e638d{\nborder-radius:0px 0px 0px 0px;\npadding:0px 0px 0px 0px;\n}\n<\/style>\n<div  class='flex_column av-11xaeu-53146c35cedf71df06a56f1c660e638d av_one_third  avia-builder-el-16  el_after_av_one_full  el_before_av_one_third  first flex_column_div av-zero-column-padding  column-top-margin'     ><p>\n<style type=\"text\/css\" data-created_by=\"avia_inline_auto\" id=\"style-css-av-8yjzl2-fc334d73c177795d3188b41a971758c1\">\n.avia-image-container.av-8yjzl2-fc334d73c177795d3188b41a971758c1 img.avia_image{\nbox-shadow:none;\n}\n.avia-image-container.av-8yjzl2-fc334d73c177795d3188b41a971758c1 .av-image-caption-overlay-center{\ncolor:#ffffff;\n}\n<\/style>\n<div  class='avia-image-container av-8yjzl2-fc334d73c177795d3188b41a971758c1 av-styling- av-img-linked avia-align-center  avia-builder-el-17  el_before_av_textblock  avia-builder-el-first '   itemprop=\"image\" itemscope=\"itemscope\" itemtype=\"https:\/\/schema.org\/ImageObject\" ><div class=\"avia-image-container-inner\"><div class=\"avia-image-overlay-wrap\"><a href=\"https:\/\/www.sudradio.fr\/societe\/mariages-en-2020-une-tres-forte-chute-du-nombre-des-unions\/?fbclid=IwAR1phQgddPyB_dPfUYpNQi95Sb8Td6x5SfrwQDRWAvKNGcnkbj6Cz_258S4\" class='avia_image '  aria-label='Interview-Sud-Radio'><img decoding=\"async\" fetchpriority=\"high\" class='wp-image-11126 avia-img-lazy-loading-not-11126 avia_image ' src=\"https:\/\/www.nocedereve.fr\/wp-content\/uploads\/2021\/02\/Interview-Sud-Radio-600x393.jpg\" alt='Interview-Sud-Radio-Florence-NOEL' title='Interview-Sud-Radio'  height=\"393\" width=\"600\"  itemprop=\"thumbnailUrl\" srcset=\"https:\/\/www.nocedereve.fr\/wp-content\/uploads\/2021\/02\/Interview-Sud-Radio-600x393.jpg 600w, https:\/\/www.nocedereve.fr\/wp-content\/uploads\/2021\/02\/Interview-Sud-Radio-1030x674.jpg 1030w, https:\/\/www.nocedereve.fr\/wp-content\/uploads\/2021\/02\/Interview-Sud-Radio-768x503.jpg 768w, https:\/\/www.nocedereve.fr\/wp-content\/uploads\/2021\/02\/Interview-Sud-Radio-1536x1005.jpg 1536w, https:\/\/www.nocedereve.fr\/wp-content\/uploads\/2021\/02\/Interview-Sud-Radio-2048x1340.jpg 2048w, https:\/\/www.nocedereve.fr\/wp-content\/uploads\/2021\/02\/Interview-Sud-Radio-1500x981.jpg 1500w, https:\/\/www.nocedereve.fr\/wp-content\/uploads\/2021\/02\/Interview-Sud-Radio-705x461.jpg 705w, https:\/\/www.nocedereve.fr\/wp-content\/uploads\/2021\/02\/Interview-Sud-Radio-250x164.jpg 250w, https:\/\/www.nocedereve.fr\/wp-content\/uploads\/2021\/02\/Interview-Sud-Radio-688x450.jpg 688w\" sizes=\"(max-width: 600px) 100vw, 600px\" \/><\/a><\/div><\/div><\/div><br \/>\n<section  class='av_textblock_section av-kjvc5b0e-2945c1a0c68fb79954ddf26c8c02a06e '   itemscope=\"itemscope\" itemtype=\"https:\/\/schema.org\/CreativeWork\" ><div class='avia_textblock'  itemprop=\"text\" ><p style=\"text-align: center;\">Sud radio January 2021<\/p>\n<\/div><\/section><\/p><\/div>\n\n<style type=\"text\/css\" data-created_by=\"avia_inline_auto\" id=\"style-css-av-11xaeu-ae568c0dc79a4e29379ed5a68a47352c\">\n.flex_column.av-11xaeu-ae568c0dc79a4e29379ed5a68a47352c{\nborder-radius:0px 0px 0px 0px;\npadding:0px 0px 0px 0px;\n}\n<\/style>\n<div  class='flex_column av-11xaeu-ae568c0dc79a4e29379ed5a68a47352c av_one_third  avia-builder-el-19  el_after_av_one_third  el_before_av_one_third  flex_column_div av-zero-column-padding  column-top-margin'     ><p>\n<style type=\"text\/css\" data-created_by=\"avia_inline_auto\" id=\"style-css-av-8yjzl2-35557a1832b0bcaca32fe445ea38828c\">\n.avia-image-container.av-8yjzl2-35557a1832b0bcaca32fe445ea38828c img.avia_image{\nbox-shadow:none;\n}\n.avia-image-container.av-8yjzl2-35557a1832b0bcaca32fe445ea38828c .av-image-caption-overlay-center{\ncolor:#ffffff;\n}\n<\/style>\n<div  class='avia-image-container av-8yjzl2-35557a1832b0bcaca32fe445ea38828c av-styling- av-img-linked avia-align-center  avia-builder-el-20  el_before_av_textblock  avia-builder-el-first '   itemprop=\"image\" itemscope=\"itemscope\" itemtype=\"https:\/\/schema.org\/ImageObject\" ><div class=\"avia-image-container-inner\"><div class=\"avia-image-overlay-wrap\"><a href=\"https:\/\/www.nocedereve.fr\/wp-content\/uploads\/2021\/01\/Figaro-ocotbre-2020-773x1030.jpg\" data-srcset=\"https:\/\/www.nocedereve.fr\/wp-content\/uploads\/2021\/01\/Figaro-ocotbre-2020-773x1030.jpg 773w, https:\/\/www.nocedereve.fr\/wp-content\/uploads\/2021\/01\/Figaro-ocotbre-2020-225x300.jpg 225w, https:\/\/www.nocedereve.fr\/wp-content\/uploads\/2021\/01\/Figaro-ocotbre-2020-768x1024.jpg 768w, https:\/\/www.nocedereve.fr\/wp-content\/uploads\/2021\/01\/Figaro-ocotbre-2020-1152x1536.jpg 1152w, https:\/\/www.nocedereve.fr\/wp-content\/uploads\/2021\/01\/Figaro-ocotbre-2020-1536x2048.jpg 1536w, https:\/\/www.nocedereve.fr\/wp-content\/uploads\/2021\/01\/Figaro-ocotbre-2020-250x333.jpg 250w, https:\/\/www.nocedereve.fr\/wp-content\/uploads\/2021\/01\/Figaro-ocotbre-2020-1125x1500.jpg 1125w, https:\/\/www.nocedereve.fr\/wp-content\/uploads\/2021\/01\/Figaro-ocotbre-2020-529x705.jpg 529w, https:\/\/www.nocedereve.fr\/wp-content\/uploads\/2021\/01\/Figaro-ocotbre-2020-338x450.jpg 338w, https:\/\/www.nocedereve.fr\/wp-content\/uploads\/2021\/01\/Figaro-ocotbre-2020-scaled.jpg 1920w\" data-sizes=\"(max-width: 773px) 100vw, 773px\" class='avia_image '  aria-label='Figaro october 2020'><img decoding=\"async\" fetchpriority=\"high\" class='wp-image-10171 avia-img-lazy-loading-not-10171 avia_image ' src=\"https:\/\/www.nocedereve.fr\/wp-content\/uploads\/2021\/01\/Figaro-ocotbre-2020-225x300.jpg\" alt='Article du Figaro' title='Figaro october 2020'  height=\"300\" width=\"225\"  itemprop=\"thumbnailUrl\" srcset=\"https:\/\/www.nocedereve.fr\/wp-content\/uploads\/2021\/01\/Figaro-ocotbre-2020-225x300.jpg 225w, https:\/\/www.nocedereve.fr\/wp-content\/uploads\/2021\/01\/Figaro-ocotbre-2020-773x1030.jpg 773w, https:\/\/www.nocedereve.fr\/wp-content\/uploads\/2021\/01\/Figaro-ocotbre-2020-768x1024.jpg 768w, https:\/\/www.nocedereve.fr\/wp-content\/uploads\/2021\/01\/Figaro-ocotbre-2020-1152x1536.jpg 1152w, https:\/\/www.nocedereve.fr\/wp-content\/uploads\/2021\/01\/Figaro-ocotbre-2020-1536x2048.jpg 1536w, https:\/\/www.nocedereve.fr\/wp-content\/uploads\/2021\/01\/Figaro-ocotbre-2020-250x333.jpg 250w, https:\/\/www.nocedereve.fr\/wp-content\/uploads\/2021\/01\/Figaro-ocotbre-2020-1125x1500.jpg 1125w, https:\/\/www.nocedereve.fr\/wp-content\/uploads\/2021\/01\/Figaro-ocotbre-2020-529x705.jpg 529w, https:\/\/www.nocedereve.fr\/wp-content\/uploads\/2021\/01\/Figaro-ocotbre-2020-338x450.jpg 338w, https:\/\/www.nocedereve.fr\/wp-content\/uploads\/2021\/01\/Figaro-ocotbre-2020-scaled.jpg 1920w\" sizes=\"(max-width: 225px) 100vw, 225px\" \/><\/a><\/div><\/div><\/div><br \/>\n<section  class='av_textblock_section av-kjvc5b0e-2945c1a0c68fb79954ddf26c8c02a06e '   itemscope=\"itemscope\" itemtype=\"https:\/\/schema.org\/CreativeWork\" ><div class='avia_textblock'  itemprop=\"text\" ><p style=\"text-align: center;\">Le Figaro October 2020<\/p>\n<\/div><\/section><\/p><\/div>\n\n<style type=\"text\/css\" data-created_by=\"avia_inline_auto\" id=\"style-css-av-11xaeu-ae568c0dc79a4e29379ed5a68a47352c\">\n.flex_column.av-11xaeu-ae568c0dc79a4e29379ed5a68a47352c{\nborder-radius:0px 0px 0px 0px;\npadding:0px 0px 0px 0px;\n}\n<\/style>\n<div  class='flex_column av-11xaeu-ae568c0dc79a4e29379ed5a68a47352c av_one_third  avia-builder-el-22  el_after_av_one_third  el_before_av_one_third  flex_column_div av-zero-column-padding  column-top-margin'     ><p>\n<style type=\"text\/css\" data-created_by=\"avia_inline_auto\" id=\"style-css-av-8yjzl2-3974329efd8a31dba73af751cf11e2d5\">\n.avia-image-container.av-8yjzl2-3974329efd8a31dba73af751cf11e2d5 img.avia_image{\nbox-shadow:none;\n}\n.avia-image-container.av-8yjzl2-3974329efd8a31dba73af751cf11e2d5 .av-image-caption-overlay-center{\ncolor:#ffffff;\n}\n<\/style>\n<div  class='avia-image-container av-8yjzl2-3974329efd8a31dba73af751cf11e2d5 av-styling- av-img-linked avia-align-center  avia-builder-el-23  el_before_av_textblock  avia-builder-el-first '   itemprop=\"image\" itemscope=\"itemscope\" itemtype=\"https:\/\/schema.org\/ImageObject\" ><div class=\"avia-image-container-inner\"><div class=\"avia-image-overlay-wrap\"><a href=\"https:\/\/worldbridemagazine.com\/24778\/mariez-vous-a-paris-ville-de-lamour\/\" class='avia_image '  aria-label='World Bride Magazine'><img decoding=\"async\" fetchpriority=\"high\" class='wp-image-11216 avia-img-lazy-loading-not-11216 avia_image ' src=\"https:\/\/www.nocedereve.fr\/wp-content\/uploads\/2021\/02\/World-Bride-Magazine-1-600x393.png\" alt='' title='World Bride Magazine'  height=\"393\" width=\"600\"  itemprop=\"thumbnailUrl\" srcset=\"https:\/\/www.nocedereve.fr\/wp-content\/uploads\/2021\/02\/World-Bride-Magazine-1-600x393.png 600w, https:\/\/www.nocedereve.fr\/wp-content\/uploads\/2021\/02\/World-Bride-Magazine-1-1030x674.png 1030w, https:\/\/www.nocedereve.fr\/wp-content\/uploads\/2021\/02\/World-Bride-Magazine-1-768x503.png 768w, https:\/\/www.nocedereve.fr\/wp-content\/uploads\/2021\/02\/World-Bride-Magazine-1-1536x1005.png 1536w, https:\/\/www.nocedereve.fr\/wp-content\/uploads\/2021\/02\/World-Bride-Magazine-1-2048x1340.png 2048w, https:\/\/www.nocedereve.fr\/wp-content\/uploads\/2021\/02\/World-Bride-Magazine-1-1500x981.png 1500w, https:\/\/www.nocedereve.fr\/wp-content\/uploads\/2021\/02\/World-Bride-Magazine-1-705x461.png 705w, https:\/\/www.nocedereve.fr\/wp-content\/uploads\/2021\/02\/World-Bride-Magazine-1-250x164.png 250w, https:\/\/www.nocedereve.fr\/wp-content\/uploads\/2021\/02\/World-Bride-Magazine-1-688x450.png 688w\" sizes=\"(max-width: 600px) 100vw, 600px\" \/><\/a><\/div><\/div><\/div><br \/>\n<section  class='av_textblock_section av-kjvc5b0e-2945c1a0c68fb79954ddf26c8c02a06e '   itemscope=\"itemscope\" itemtype=\"https:\/\/schema.org\/CreativeWork\" ><div class='avia_textblock'  itemprop=\"text\" ><p style=\"text-align: center;\">World Bride Magazine June 2020<\/p>\n<\/div><\/section><\/p><\/div>\n\n<style type=\"text\/css\" data-created_by=\"avia_inline_auto\" id=\"style-css-av-11xaeu-53146c35cedf71df06a56f1c660e638d\">\n.flex_column.av-11xaeu-53146c35cedf71df06a56f1c660e638d{\nborder-radius:0px 0px 0px 0px;\npadding:0px 0px 0px 0px;\n}\n<\/style>\n<div  class='flex_column av-11xaeu-53146c35cedf71df06a56f1c660e638d av_one_third  avia-builder-el-25  el_after_av_one_third  el_before_av_one_third  first flex_column_div av-zero-column-padding  column-top-margin'     ><p>\n<style type=\"text\/css\" data-created_by=\"avia_inline_auto\" id=\"style-css-av-8yjzl2-7a097e1295039c82837a244fb7a59378\">\n.avia-image-container.av-8yjzl2-7a097e1295039c82837a244fb7a59378 img.avia_image{\nbox-shadow:none;\n}\n.avia-image-container.av-8yjzl2-7a097e1295039c82837a244fb7a59378 .av-image-caption-overlay-center{\ncolor:#ffffff;\n}\n<\/style>\n<div  class='avia-image-container av-8yjzl2-7a097e1295039c82837a244fb7a59378 av-styling- av-img-linked avia-align-center  avia-builder-el-26  el_before_av_textblock  avia-builder-el-first '   itemprop=\"image\" itemscope=\"itemscope\" itemtype=\"https:\/\/schema.org\/ImageObject\" ><div class=\"avia-image-container-inner\"><div class=\"avia-image-overlay-wrap\"><a href=\"https:\/\/start.lesechos.fr\/travailler-mieux\/metiers-reconversion\/wedding-planner-attention-aux-faux-espoirs-1174760\" class='avia_image '  target=\"_blank\"  rel=\"noopener noreferrer\" aria-label='Les Echos'><img decoding=\"async\" fetchpriority=\"high\" class='wp-image-10071 avia-img-lazy-loading-not-10071 avia_image ' src=\"https:\/\/www.nocedereve.fr\/wp-content\/uploads\/2021\/01\/Les-Echos-300x169.png\" alt='Articles Les Echos Noce de R\u00eave by Flovinno' title='Les Echos'  height=\"169\" width=\"300\"  itemprop=\"thumbnailUrl\" srcset=\"https:\/\/www.nocedereve.fr\/wp-content\/uploads\/2021\/01\/Les-Echos-300x169.png 300w, https:\/\/www.nocedereve.fr\/wp-content\/uploads\/2021\/01\/Les-Echos-1030x579.png 1030w, https:\/\/www.nocedereve.fr\/wp-content\/uploads\/2021\/01\/Les-Echos-768x432.png 768w, https:\/\/www.nocedereve.fr\/wp-content\/uploads\/2021\/01\/Les-Echos-250x141.png 250w, https:\/\/www.nocedereve.fr\/wp-content\/uploads\/2021\/01\/Les-Echos-705x397.png 705w, https:\/\/www.nocedereve.fr\/wp-content\/uploads\/2021\/01\/Les-Echos-800x450.png 800w, https:\/\/www.nocedereve.fr\/wp-content\/uploads\/2021\/01\/Les-Echos.png 1280w\" sizes=\"(max-width: 300px) 100vw, 300px\" \/><\/a><\/div><\/div><\/div><br \/>\n<section  class='av_textblock_section av-kjv6gkh7-a1b20f101d4daf01f0c97338d472fd3c '   itemscope=\"itemscope\" itemtype=\"https:\/\/schema.org\/CreativeWork\" ><div class='avia_textblock'  itemprop=\"text\" ><p style=\"text-align: center;\">Les Echos February 2020<\/p>\n<\/div><\/section><\/p><\/div>\n\n<style type=\"text\/css\" data-created_by=\"avia_inline_auto\" id=\"style-css-av-4duf2u-a1d8f02d220db3b525c00da0a172f30c\">\n.flex_column.av-4duf2u-a1d8f02d220db3b525c00da0a172f30c{\nborder-radius:0px 0px 0px 0px;\npadding:0px 0px 0px 0px;\n}\n<\/style>\n<div  class='flex_column av-4duf2u-a1d8f02d220db3b525c00da0a172f30c av_one_third  avia-builder-el-28  el_after_av_one_third  el_before_av_one_third  flex_column_div av-zero-column-padding  column-top-margin'     ><p>\n<style type=\"text\/css\" data-created_by=\"avia_inline_auto\" id=\"style-css-av-kjvbv5ed-cfffbc89e186d1a994dd74089444879b\">\n.avia-image-container.av-kjvbv5ed-cfffbc89e186d1a994dd74089444879b img.avia_image{\nbox-shadow:none;\n}\n.avia-image-container.av-kjvbv5ed-cfffbc89e186d1a994dd74089444879b .av-image-caption-overlay-center{\ncolor:#ffffff;\n}\n<\/style>\n<div  class='avia-image-container av-kjvbv5ed-cfffbc89e186d1a994dd74089444879b av-styling- av-img-linked avia-align-center  avia-builder-el-29  el_before_av_textblock  avia-builder-el-first '   itemprop=\"image\" itemscope=\"itemscope\" itemtype=\"https:\/\/schema.org\/ImageObject\" ><div class=\"avia-image-container-inner\"><div class=\"avia-image-overlay-wrap\"><a href=\"http:\/\/www.lessonnien.fr\/athis-mons-succes-pour-le-salon-du-mariage\/\" class='avia_image '  aria-label='L&#039;Essonnien pour le salon 2018'><img decoding=\"async\" fetchpriority=\"high\" class='wp-image-11584 avia-img-lazy-loading-not-11584 avia_image ' src=\"https:\/\/www.nocedereve.fr\/wp-content\/uploads\/2021\/03\/LEssonnien-pour-le-salon-2018-600x400.png\" alt='L&#039;Essonnien pour le salon 2018' title='L&#039;Essonnien pour le salon 2018'  height=\"400\" width=\"600\"  itemprop=\"thumbnailUrl\" srcset=\"https:\/\/www.nocedereve.fr\/wp-content\/uploads\/2021\/03\/LEssonnien-pour-le-salon-2018-600x400.png 600w, https:\/\/www.nocedereve.fr\/wp-content\/uploads\/2021\/03\/LEssonnien-pour-le-salon-2018-1030x687.png 1030w, https:\/\/www.nocedereve.fr\/wp-content\/uploads\/2021\/03\/LEssonnien-pour-le-salon-2018-768x512.png 768w, https:\/\/www.nocedereve.fr\/wp-content\/uploads\/2021\/03\/LEssonnien-pour-le-salon-2018-1536x1024.png 1536w, https:\/\/www.nocedereve.fr\/wp-content\/uploads\/2021\/03\/LEssonnien-pour-le-salon-2018-2048x1365.png 2048w, https:\/\/www.nocedereve.fr\/wp-content\/uploads\/2021\/03\/LEssonnien-pour-le-salon-2018-1500x1000.png 1500w, https:\/\/www.nocedereve.fr\/wp-content\/uploads\/2021\/03\/LEssonnien-pour-le-salon-2018-705x470.png 705w, https:\/\/www.nocedereve.fr\/wp-content\/uploads\/2021\/03\/LEssonnien-pour-le-salon-2018-250x167.png 250w, https:\/\/www.nocedereve.fr\/wp-content\/uploads\/2021\/03\/LEssonnien-pour-le-salon-2018-675x450.png 675w\" sizes=\"(max-width: 600px) 100vw, 600px\" \/><\/a><\/div><\/div><\/div><br \/>\n<section  class='av_textblock_section av-kjvc9ckj-a7a316873256e14cf19cf1668285bda4 '   itemscope=\"itemscope\" itemtype=\"https:\/\/schema.org\/CreativeWork\" ><div class='avia_textblock'  itemprop=\"text\" ><p style=\"text-align: center;\">L&#8217;Essonnien February 2018<\/p>\n<\/div><\/section><\/p><\/div>\n\n<style type=\"text\/css\" data-created_by=\"avia_inline_auto\" id=\"style-css-av-4duf2u-a1d8f02d220db3b525c00da0a172f30c\">\n.flex_column.av-4duf2u-a1d8f02d220db3b525c00da0a172f30c{\nborder-radius:0px 0px 0px 0px;\npadding:0px 0px 0px 0px;\n}\n<\/style>\n<div  class='flex_column av-4duf2u-a1d8f02d220db3b525c00da0a172f30c av_one_third  avia-builder-el-31  el_after_av_one_third  el_before_av_one_third  flex_column_div av-zero-column-padding  column-top-margin'     ><p>\n<style type=\"text\/css\" data-created_by=\"avia_inline_auto\" id=\"style-css-av-kjvbv5ed-af8b51be416b190f8db157e72aeb6504\">\n.avia-image-container.av-kjvbv5ed-af8b51be416b190f8db157e72aeb6504 img.avia_image{\nbox-shadow:none;\n}\n.avia-image-container.av-kjvbv5ed-af8b51be416b190f8db157e72aeb6504 .av-image-caption-overlay-center{\ncolor:#ffffff;\n}\n<\/style>\n<div  class='avia-image-container av-kjvbv5ed-af8b51be416b190f8db157e72aeb6504 av-styling- av-img-linked avia-align-center  avia-builder-el-32  el_before_av_textblock  avia-builder-el-first '   itemprop=\"image\" itemscope=\"itemscope\" itemtype=\"https:\/\/schema.org\/ImageObject\" ><div class=\"avia-image-container-inner\"><div class=\"avia-image-overlay-wrap\"><a href=\"http:\/\/www.lessonnien.fr\/lagence-flovinno-fete-ses-10-ans-a-athis-mons\/\" class='avia_image '  aria-label='L&#039;Essonnien feb 2018'><img decoding=\"async\" fetchpriority=\"high\" class='wp-image-11581 avia-img-lazy-loading-not-11581 avia_image ' src=\"https:\/\/www.nocedereve.fr\/wp-content\/uploads\/2021\/03\/LEssonnien-fev-2018-600x400.png\" alt='L&#039;Essonnien feb 2018' title='L&#039;Essonnien feb 2018'  height=\"400\" width=\"600\"  itemprop=\"thumbnailUrl\" srcset=\"https:\/\/www.nocedereve.fr\/wp-content\/uploads\/2021\/03\/LEssonnien-fev-2018-600x400.png 600w, https:\/\/www.nocedereve.fr\/wp-content\/uploads\/2021\/03\/LEssonnien-fev-2018-1030x687.png 1030w, https:\/\/www.nocedereve.fr\/wp-content\/uploads\/2021\/03\/LEssonnien-fev-2018-768x512.png 768w, https:\/\/www.nocedereve.fr\/wp-content\/uploads\/2021\/03\/LEssonnien-fev-2018-1536x1024.png 1536w, https:\/\/www.nocedereve.fr\/wp-content\/uploads\/2021\/03\/LEssonnien-fev-2018-2048x1365.png 2048w, https:\/\/www.nocedereve.fr\/wp-content\/uploads\/2021\/03\/LEssonnien-fev-2018-1500x1000.png 1500w, https:\/\/www.nocedereve.fr\/wp-content\/uploads\/2021\/03\/LEssonnien-fev-2018-705x470.png 705w, https:\/\/www.nocedereve.fr\/wp-content\/uploads\/2021\/03\/LEssonnien-fev-2018-250x167.png 250w, https:\/\/www.nocedereve.fr\/wp-content\/uploads\/2021\/03\/LEssonnien-fev-2018-675x450.png 675w\" sizes=\"(max-width: 600px) 100vw, 600px\" \/><\/a><\/div><\/div><\/div><br \/>\n<section  class='av_textblock_section av-kjvc9ckj-a7a316873256e14cf19cf1668285bda4 '   itemscope=\"itemscope\" itemtype=\"https:\/\/schema.org\/CreativeWork\" ><div class='avia_textblock'  itemprop=\"text\" ><p style=\"text-align: center;\">L&#8217;Essonnien February 2018<\/p>\n<\/div><\/section><\/p><\/div>\n\n<style type=\"text\/css\" data-created_by=\"avia_inline_auto\" id=\"style-css-av-4duf2u-306bdd087dd36c421dc1b41d20f5ed8c\">\n.flex_column.av-4duf2u-306bdd087dd36c421dc1b41d20f5ed8c{\nborder-radius:0px 0px 0px 0px;\npadding:0px 0px 0px 0px;\n}\n<\/style>\n<div  class='flex_column av-4duf2u-306bdd087dd36c421dc1b41d20f5ed8c av_one_third  avia-builder-el-34  el_after_av_one_third  el_before_av_one_third  first flex_column_div av-zero-column-padding  column-top-margin'     ><p>\n<style type=\"text\/css\" data-created_by=\"avia_inline_auto\" id=\"style-css-av-kjvbv5ed-dc5c253e34ec0be14cb76eb5a01ec531\">\n.avia-image-container.av-kjvbv5ed-dc5c253e34ec0be14cb76eb5a01ec531 img.avia_image{\nbox-shadow:none;\n}\n.avia-image-container.av-kjvbv5ed-dc5c253e34ec0be14cb76eb5a01ec531 .av-image-caption-overlay-center{\ncolor:#ffffff;\n}\n<\/style>\n<div  class='avia-image-container av-kjvbv5ed-dc5c253e34ec0be14cb76eb5a01ec531 av-styling- av-img-linked avia-align-center  avia-builder-el-35  el_before_av_textblock  avia-builder-el-first '   itemprop=\"image\" itemscope=\"itemscope\" itemtype=\"https:\/\/schema.org\/ImageObject\" ><div class=\"avia-image-container-inner\"><div class=\"avia-image-overlay-wrap\"><a href=\"https:\/\/www.nocedereve.fr\/wp-content\/uploads\/2021\/01\/Salon-2018-773x1030.jpg\" data-srcset=\"https:\/\/www.nocedereve.fr\/wp-content\/uploads\/2021\/01\/Salon-2018-773x1030.jpg 773w, https:\/\/www.nocedereve.fr\/wp-content\/uploads\/2021\/01\/Salon-2018-225x300.jpg 225w, https:\/\/www.nocedereve.fr\/wp-content\/uploads\/2021\/01\/Salon-2018-768x1024.jpg 768w, https:\/\/www.nocedereve.fr\/wp-content\/uploads\/2021\/01\/Salon-2018-1152x1536.jpg 1152w, https:\/\/www.nocedereve.fr\/wp-content\/uploads\/2021\/01\/Salon-2018-1536x2048.jpg 1536w, https:\/\/www.nocedereve.fr\/wp-content\/uploads\/2021\/01\/Salon-2018-250x333.jpg 250w, https:\/\/www.nocedereve.fr\/wp-content\/uploads\/2021\/01\/Salon-2018-1125x1500.jpg 1125w, https:\/\/www.nocedereve.fr\/wp-content\/uploads\/2021\/01\/Salon-2018-529x705.jpg 529w, https:\/\/www.nocedereve.fr\/wp-content\/uploads\/2021\/01\/Salon-2018-338x450.jpg 338w, https:\/\/www.nocedereve.fr\/wp-content\/uploads\/2021\/01\/Salon-2018-scaled.jpg 1920w\" data-sizes=\"(max-width: 773px) 100vw, 773px\" class='avia_image '  aria-label='Salon 2018'><img decoding=\"async\" fetchpriority=\"high\" class='wp-image-10069 avia-img-lazy-loading-not-10069 avia_image ' src=\"https:\/\/www.nocedereve.fr\/wp-content\/uploads\/2021\/01\/Salon-2018-225x300.jpg\" alt='Article sur le salon du mariage de 2018 Noce de R\u00eave by Flovinno' title='Salon 2018'  height=\"300\" width=\"225\"  itemprop=\"thumbnailUrl\" srcset=\"https:\/\/www.nocedereve.fr\/wp-content\/uploads\/2021\/01\/Salon-2018-225x300.jpg 225w, https:\/\/www.nocedereve.fr\/wp-content\/uploads\/2021\/01\/Salon-2018-773x1030.jpg 773w, https:\/\/www.nocedereve.fr\/wp-content\/uploads\/2021\/01\/Salon-2018-768x1024.jpg 768w, https:\/\/www.nocedereve.fr\/wp-content\/uploads\/2021\/01\/Salon-2018-1152x1536.jpg 1152w, https:\/\/www.nocedereve.fr\/wp-content\/uploads\/2021\/01\/Salon-2018-1536x2048.jpg 1536w, https:\/\/www.nocedereve.fr\/wp-content\/uploads\/2021\/01\/Salon-2018-250x333.jpg 250w, https:\/\/www.nocedereve.fr\/wp-content\/uploads\/2021\/01\/Salon-2018-1125x1500.jpg 1125w, https:\/\/www.nocedereve.fr\/wp-content\/uploads\/2021\/01\/Salon-2018-529x705.jpg 529w, https:\/\/www.nocedereve.fr\/wp-content\/uploads\/2021\/01\/Salon-2018-338x450.jpg 338w, https:\/\/www.nocedereve.fr\/wp-content\/uploads\/2021\/01\/Salon-2018-scaled.jpg 1920w\" sizes=\"(max-width: 225px) 100vw, 225px\" \/><\/a><\/div><\/div><\/div><br \/>\n<section  class='av_textblock_section av-kjvc9ckj-a7a316873256e14cf19cf1668285bda4 '   itemscope=\"itemscope\" itemtype=\"https:\/\/schema.org\/CreativeWork\" ><div class='avia_textblock'  itemprop=\"text\" ><p style=\"text-align: center;\">Le R\u00e9publicain January 2018<\/p>\n<\/div><\/section><\/p><\/div>\n\n<style type=\"text\/css\" data-created_by=\"avia_inline_auto\" id=\"style-css-av-11xaeu-ae568c0dc79a4e29379ed5a68a47352c\">\n.flex_column.av-11xaeu-ae568c0dc79a4e29379ed5a68a47352c{\nborder-radius:0px 0px 0px 0px;\npadding:0px 0px 0px 0px;\n}\n<\/style>\n<div  class='flex_column av-11xaeu-ae568c0dc79a4e29379ed5a68a47352c av_one_third  avia-builder-el-37  el_after_av_one_third  el_before_av_one_third  flex_column_div av-zero-column-padding  column-top-margin'     ><p>\n<style type=\"text\/css\" data-created_by=\"avia_inline_auto\" id=\"style-css-av-8yjzl2-c451cd6719d9fc9fe111e5584ab3717d\">\n.avia-image-container.av-8yjzl2-c451cd6719d9fc9fe111e5584ab3717d img.avia_image{\nbox-shadow:none;\n}\n.avia-image-container.av-8yjzl2-c451cd6719d9fc9fe111e5584ab3717d .av-image-caption-overlay-center{\ncolor:#ffffff;\n}\n<\/style>\n<div  class='avia-image-container av-8yjzl2-c451cd6719d9fc9fe111e5584ab3717d av-styling- av-img-linked avia-align-center  avia-builder-el-38  el_before_av_textblock  avia-builder-el-first '   itemprop=\"image\" itemscope=\"itemscope\" itemtype=\"https:\/\/schema.org\/ImageObject\" ><div class=\"avia-image-container-inner\"><div class=\"avia-image-overlay-wrap\"><a href=\"https:\/\/www.nocedereve.fr\/wp-content\/uploads\/2020\/11\/Flovinno-Le-Republicain-Janvier-2016-1030x524.jpg\" data-srcset=\"https:\/\/www.nocedereve.fr\/wp-content\/uploads\/2020\/11\/Flovinno-Le-Republicain-Janvier-2016-1030x524.jpg 1030w, https:\/\/www.nocedereve.fr\/wp-content\/uploads\/2020\/11\/Flovinno-Le-Republicain-Janvier-2016-300x153.jpg 300w, https:\/\/www.nocedereve.fr\/wp-content\/uploads\/2020\/11\/Flovinno-Le-Republicain-Janvier-2016-768x391.jpg 768w, https:\/\/www.nocedereve.fr\/wp-content\/uploads\/2020\/11\/Flovinno-Le-Republicain-Janvier-2016-1536x782.jpg 1536w, https:\/\/www.nocedereve.fr\/wp-content\/uploads\/2020\/11\/Flovinno-Le-Republicain-Janvier-2016-2048x1043.jpg 2048w, https:\/\/www.nocedereve.fr\/wp-content\/uploads\/2020\/11\/Flovinno-Le-Republicain-Janvier-2016-250x127.jpg 250w, https:\/\/www.nocedereve.fr\/wp-content\/uploads\/2020\/11\/Flovinno-Le-Republicain-Janvier-2016-1500x764.jpg 1500w, https:\/\/www.nocedereve.fr\/wp-content\/uploads\/2020\/11\/Flovinno-Le-Republicain-Janvier-2016-705x359.jpg 705w\" data-sizes=\"(max-width: 1030px) 100vw, 1030px\" class='avia_image '  aria-label='Flovinno-Le-R\u00e9publicain-Janvier-2016'><img decoding=\"async\" fetchpriority=\"high\" class='wp-image-8950 avia-img-lazy-loading-not-8950 avia_image ' src=\"https:\/\/www.nocedereve.fr\/wp-content\/uploads\/2020\/11\/Flovinno-Le-Republicain-Janvier-2016-300x153.jpg\" alt='On parle de nous dans les m\u00e9dias 3' title='Flovinno-Le-R\u00e9publicain-Janvier-2016'  height=\"153\" width=\"300\"  itemprop=\"thumbnailUrl\" srcset=\"https:\/\/www.nocedereve.fr\/wp-content\/uploads\/2020\/11\/Flovinno-Le-Republicain-Janvier-2016-300x153.jpg 300w, https:\/\/www.nocedereve.fr\/wp-content\/uploads\/2020\/11\/Flovinno-Le-Republicain-Janvier-2016-1030x524.jpg 1030w, https:\/\/www.nocedereve.fr\/wp-content\/uploads\/2020\/11\/Flovinno-Le-Republicain-Janvier-2016-768x391.jpg 768w, https:\/\/www.nocedereve.fr\/wp-content\/uploads\/2020\/11\/Flovinno-Le-Republicain-Janvier-2016-1536x782.jpg 1536w, https:\/\/www.nocedereve.fr\/wp-content\/uploads\/2020\/11\/Flovinno-Le-Republicain-Janvier-2016-2048x1043.jpg 2048w, https:\/\/www.nocedereve.fr\/wp-content\/uploads\/2020\/11\/Flovinno-Le-Republicain-Janvier-2016-250x127.jpg 250w, https:\/\/www.nocedereve.fr\/wp-content\/uploads\/2020\/11\/Flovinno-Le-Republicain-Janvier-2016-1500x764.jpg 1500w, https:\/\/www.nocedereve.fr\/wp-content\/uploads\/2020\/11\/Flovinno-Le-Republicain-Janvier-2016-705x359.jpg 705w\" sizes=\"(max-width: 300px) 100vw, 300px\" \/><\/a><\/div><\/div><\/div><br \/>\n<section  class='av_textblock_section av-kjv6gkh7-a1b20f101d4daf01f0c97338d472fd3c '   itemscope=\"itemscope\" itemtype=\"https:\/\/schema.org\/CreativeWork\" ><div class='avia_textblock'  itemprop=\"text\" ><p style=\"text-align: center;\">Le R\u00e9publicain January 2016<\/p>\n<\/div><\/section><\/p><\/div>\n\n<style type=\"text\/css\" data-created_by=\"avia_inline_auto\" id=\"style-css-av-11xaeu-ae568c0dc79a4e29379ed5a68a47352c\">\n.flex_column.av-11xaeu-ae568c0dc79a4e29379ed5a68a47352c{\nborder-radius:0px 0px 0px 0px;\npadding:0px 0px 0px 0px;\n}\n<\/style>\n<div  class='flex_column av-11xaeu-ae568c0dc79a4e29379ed5a68a47352c av_one_third  avia-builder-el-40  el_after_av_one_third  el_before_av_one_third  flex_column_div av-zero-column-padding  column-top-margin'     ><p>\n<style type=\"text\/css\" data-created_by=\"avia_inline_auto\" id=\"style-css-av-8yjzl2-6602e96d9803db7bdc8d31ff4aa524ee\">\n.avia-image-container.av-8yjzl2-6602e96d9803db7bdc8d31ff4aa524ee img.avia_image{\nbox-shadow:none;\n}\n.avia-image-container.av-8yjzl2-6602e96d9803db7bdc8d31ff4aa524ee .av-image-caption-overlay-center{\ncolor:#ffffff;\n}\n<\/style>\n<div  class='avia-image-container av-8yjzl2-6602e96d9803db7bdc8d31ff4aa524ee av-styling- av-img-linked avia-align-center  avia-builder-el-41  el_before_av_textblock  avia-builder-el-first '   itemprop=\"image\" itemscope=\"itemscope\" itemtype=\"https:\/\/schema.org\/ImageObject\" ><div class=\"avia-image-container-inner\"><div class=\"avia-image-overlay-wrap\"><a href=\"https:\/\/www.nocedereve.fr\/wp-content\/uploads\/2021\/04\/Courrier-Cadres-juillet-2016.png\" data-srcset=\"https:\/\/www.nocedereve.fr\/wp-content\/uploads\/2021\/04\/Courrier-Cadres-juillet-2016.png 1000w, https:\/\/www.nocedereve.fr\/wp-content\/uploads\/2021\/04\/Courrier-Cadres-juillet-2016-600x480.png 600w, https:\/\/www.nocedereve.fr\/wp-content\/uploads\/2021\/04\/Courrier-Cadres-juillet-2016-768x614.png 768w, https:\/\/www.nocedereve.fr\/wp-content\/uploads\/2021\/04\/Courrier-Cadres-juillet-2016-705x564.png 705w, https:\/\/www.nocedereve.fr\/wp-content\/uploads\/2021\/04\/Courrier-Cadres-juillet-2016-250x200.png 250w, https:\/\/www.nocedereve.fr\/wp-content\/uploads\/2021\/04\/Courrier-Cadres-juillet-2016-563x450.png 563w\" data-sizes=\"(max-width: 1000px) 100vw, 1000px\" class='avia_image '  aria-label='Courrier Cadres january 2016'><img decoding=\"async\" fetchpriority=\"high\" class='wp-image-11868 avia-img-lazy-loading-not-11868 avia_image ' src=\"https:\/\/www.nocedereve.fr\/wp-content\/uploads\/2021\/04\/Courrier-Cadres-juillet-2016-600x480.png\" alt='' title='Courrier Cadres january 2016'  height=\"480\" width=\"600\"  itemprop=\"thumbnailUrl\" srcset=\"https:\/\/www.nocedereve.fr\/wp-content\/uploads\/2021\/04\/Courrier-Cadres-juillet-2016-600x480.png 600w, https:\/\/www.nocedereve.fr\/wp-content\/uploads\/2021\/04\/Courrier-Cadres-juillet-2016-768x614.png 768w, https:\/\/www.nocedereve.fr\/wp-content\/uploads\/2021\/04\/Courrier-Cadres-juillet-2016-705x564.png 705w, https:\/\/www.nocedereve.fr\/wp-content\/uploads\/2021\/04\/Courrier-Cadres-juillet-2016-250x200.png 250w, https:\/\/www.nocedereve.fr\/wp-content\/uploads\/2021\/04\/Courrier-Cadres-juillet-2016-563x450.png 563w, https:\/\/www.nocedereve.fr\/wp-content\/uploads\/2021\/04\/Courrier-Cadres-juillet-2016.png 1000w\" sizes=\"(max-width: 600px) 100vw, 600px\" \/><\/a><\/div><\/div><\/div><br \/>\n<section  class='av_textblock_section av-kjv6gkh7-a1b20f101d4daf01f0c97338d472fd3c '   itemscope=\"itemscope\" itemtype=\"https:\/\/schema.org\/CreativeWork\" ><div class='avia_textblock'  itemprop=\"text\" ><p style=\"text-align: center;\">Courrier Cadres April 2016<\/p>\n<\/div><\/section><\/p><\/div>\n\n<style type=\"text\/css\" data-created_by=\"avia_inline_auto\" id=\"style-css-av-11xaeu-53146c35cedf71df06a56f1c660e638d\">\n.flex_column.av-11xaeu-53146c35cedf71df06a56f1c660e638d{\nborder-radius:0px 0px 0px 0px;\npadding:0px 0px 0px 0px;\n}\n<\/style>\n<div  class='flex_column av-11xaeu-53146c35cedf71df06a56f1c660e638d av_one_third  avia-builder-el-43  el_after_av_one_third  el_before_av_one_third  first flex_column_div av-zero-column-padding  column-top-margin'     ><p>\n<style type=\"text\/css\" data-created_by=\"avia_inline_auto\" id=\"style-css-av-8yjzl2-65deebfac58217297c236afcd9524c99\">\n.avia-image-container.av-8yjzl2-65deebfac58217297c236afcd9524c99 img.avia_image{\nbox-shadow:none;\n}\n.avia-image-container.av-8yjzl2-65deebfac58217297c236afcd9524c99 .av-image-caption-overlay-center{\ncolor:#ffffff;\n}\n<\/style>\n<div  class='avia-image-container av-8yjzl2-65deebfac58217297c236afcd9524c99 av-styling- av-img-linked avia-align-center  avia-builder-el-44  el_before_av_textblock  avia-builder-el-first '   itemprop=\"image\" itemscope=\"itemscope\" itemtype=\"https:\/\/schema.org\/ImageObject\" ><div class=\"avia-image-container-inner\"><div class=\"avia-image-overlay-wrap\"><a href=\"https:\/\/www.nocedereve.fr\/wp-content\/uploads\/2020\/11\/salon-savigny-republicain-1-1030x694.jpg\" data-srcset=\"https:\/\/www.nocedereve.fr\/wp-content\/uploads\/2020\/11\/salon-savigny-republicain-1-1030x694.jpg 1030w, https:\/\/www.nocedereve.fr\/wp-content\/uploads\/2020\/11\/salon-savigny-republicain-1-300x202.jpg 300w, https:\/\/www.nocedereve.fr\/wp-content\/uploads\/2020\/11\/salon-savigny-republicain-1-768x517.jpg 768w, https:\/\/www.nocedereve.fr\/wp-content\/uploads\/2020\/11\/salon-savigny-republicain-1-1536x1034.jpg 1536w, https:\/\/www.nocedereve.fr\/wp-content\/uploads\/2020\/11\/salon-savigny-republicain-1-2048x1379.jpg 2048w, https:\/\/www.nocedereve.fr\/wp-content\/uploads\/2020\/11\/salon-savigny-republicain-1-250x168.jpg 250w, https:\/\/www.nocedereve.fr\/wp-content\/uploads\/2020\/11\/salon-savigny-republicain-1-1500x1010.jpg 1500w, https:\/\/www.nocedereve.fr\/wp-content\/uploads\/2020\/11\/salon-savigny-republicain-1-705x475.jpg 705w\" data-sizes=\"(max-width: 1030px) 100vw, 1030px\" class='avia_image '  aria-label='salon-savigny-republicain'><img decoding=\"async\" fetchpriority=\"high\" class='wp-image-8970 avia-img-lazy-loading-not-8970 avia_image ' src=\"https:\/\/www.nocedereve.fr\/wp-content\/uploads\/2020\/11\/salon-savigny-republicain-1-300x202.jpg\" alt='On parle de nous dans les m\u00e9dias 8' title='salon-savigny-republicain'  height=\"202\" width=\"300\"  itemprop=\"thumbnailUrl\" srcset=\"https:\/\/www.nocedereve.fr\/wp-content\/uploads\/2020\/11\/salon-savigny-republicain-1-300x202.jpg 300w, https:\/\/www.nocedereve.fr\/wp-content\/uploads\/2020\/11\/salon-savigny-republicain-1-1030x694.jpg 1030w, https:\/\/www.nocedereve.fr\/wp-content\/uploads\/2020\/11\/salon-savigny-republicain-1-768x517.jpg 768w, https:\/\/www.nocedereve.fr\/wp-content\/uploads\/2020\/11\/salon-savigny-republicain-1-1536x1034.jpg 1536w, https:\/\/www.nocedereve.fr\/wp-content\/uploads\/2020\/11\/salon-savigny-republicain-1-2048x1379.jpg 2048w, https:\/\/www.nocedereve.fr\/wp-content\/uploads\/2020\/11\/salon-savigny-republicain-1-250x168.jpg 250w, https:\/\/www.nocedereve.fr\/wp-content\/uploads\/2020\/11\/salon-savigny-republicain-1-1500x1010.jpg 1500w, https:\/\/www.nocedereve.fr\/wp-content\/uploads\/2020\/11\/salon-savigny-republicain-1-705x475.jpg 705w\" sizes=\"(max-width: 300px) 100vw, 300px\" \/><\/a><\/div><\/div><\/div><br \/>\n<section  class='av_textblock_section av-kjv6jxi7-a7e8c1a744e296afb52c97c12747651c '   itemscope=\"itemscope\" itemtype=\"https:\/\/schema.org\/CreativeWork\" ><div class='avia_textblock'  itemprop=\"text\" ><p style=\"text-align: center;\">Le R\u00e9publicain January 2014<\/p>\n<\/div><\/section><\/p><\/div>\n\n<style type=\"text\/css\" data-created_by=\"avia_inline_auto\" id=\"style-css-av-11xaeu-ae568c0dc79a4e29379ed5a68a47352c\">\n.flex_column.av-11xaeu-ae568c0dc79a4e29379ed5a68a47352c{\nborder-radius:0px 0px 0px 0px;\npadding:0px 0px 0px 0px;\n}\n<\/style>\n<div  class='flex_column av-11xaeu-ae568c0dc79a4e29379ed5a68a47352c av_one_third  avia-builder-el-46  el_after_av_one_third  el_before_av_one_third  flex_column_div av-zero-column-padding  column-top-margin'     ><p>\n<style type=\"text\/css\" data-created_by=\"avia_inline_auto\" id=\"style-css-av-8yjzl2-f588751b432c68b5407f1c4c6035f443\">\n.avia-image-container.av-8yjzl2-f588751b432c68b5407f1c4c6035f443 img.avia_image{\nbox-shadow:none;\n}\n.avia-image-container.av-8yjzl2-f588751b432c68b5407f1c4c6035f443 .av-image-caption-overlay-center{\ncolor:#ffffff;\n}\n<\/style>\n<div  class='avia-image-container av-8yjzl2-f588751b432c68b5407f1c4c6035f443 av-styling- av-img-linked avia-align-center  avia-builder-el-47  el_before_av_textblock  avia-builder-el-first '   itemprop=\"image\" itemscope=\"itemscope\" itemtype=\"https:\/\/schema.org\/ImageObject\" ><div class=\"avia-image-container-inner\"><div class=\"avia-image-overlay-wrap\"><a href=\"https:\/\/www.nocedereve.fr\/wp-content\/uploads\/2020\/11\/article-Le-Parisien-salon-savigny-2014-1-451x1030.png\" data-srcset=\"https:\/\/www.nocedereve.fr\/wp-content\/uploads\/2020\/11\/article-Le-Parisien-salon-savigny-2014-1-451x1030.png 451w, https:\/\/www.nocedereve.fr\/wp-content\/uploads\/2020\/11\/article-Le-Parisien-salon-savigny-2014-1-131x300.png 131w, https:\/\/www.nocedereve.fr\/wp-content\/uploads\/2020\/11\/article-Le-Parisien-salon-savigny-2014-1-768x1754.png 768w, https:\/\/www.nocedereve.fr\/wp-content\/uploads\/2020\/11\/article-Le-Parisien-salon-savigny-2014-1-673x1536.png 673w, https:\/\/www.nocedereve.fr\/wp-content\/uploads\/2020\/11\/article-Le-Parisien-salon-savigny-2014-1-897x2048.png 897w, https:\/\/www.nocedereve.fr\/wp-content\/uploads\/2020\/11\/article-Le-Parisien-salon-savigny-2014-1-250x571.png 250w, https:\/\/www.nocedereve.fr\/wp-content\/uploads\/2020\/11\/article-Le-Parisien-salon-savigny-2014-1-657x1500.png 657w, https:\/\/www.nocedereve.fr\/wp-content\/uploads\/2020\/11\/article-Le-Parisien-salon-savigny-2014-1-309x705.png 309w, https:\/\/www.nocedereve.fr\/wp-content\/uploads\/2020\/11\/article-Le-Parisien-salon-savigny-2014-1.png 941w\" data-sizes=\"(max-width: 451px) 100vw, 451px\" class='avia_image '  aria-label='article Le Parisien salon savigny 2014'><img decoding=\"async\" fetchpriority=\"high\" class='wp-image-8962 avia-img-lazy-loading-not-8962 avia_image ' src=\"https:\/\/www.nocedereve.fr\/wp-content\/uploads\/2020\/11\/article-Le-Parisien-salon-savigny-2014-1-131x300.png\" alt='On parle de nous dans les m\u00e9dias 5' title='article Le Parisien salon savigny 2014'  height=\"300\" width=\"131\"  itemprop=\"thumbnailUrl\" srcset=\"https:\/\/www.nocedereve.fr\/wp-content\/uploads\/2020\/11\/article-Le-Parisien-salon-savigny-2014-1-131x300.png 131w, https:\/\/www.nocedereve.fr\/wp-content\/uploads\/2020\/11\/article-Le-Parisien-salon-savigny-2014-1-451x1030.png 451w, https:\/\/www.nocedereve.fr\/wp-content\/uploads\/2020\/11\/article-Le-Parisien-salon-savigny-2014-1-768x1754.png 768w, https:\/\/www.nocedereve.fr\/wp-content\/uploads\/2020\/11\/article-Le-Parisien-salon-savigny-2014-1-673x1536.png 673w, https:\/\/www.nocedereve.fr\/wp-content\/uploads\/2020\/11\/article-Le-Parisien-salon-savigny-2014-1-897x2048.png 897w, https:\/\/www.nocedereve.fr\/wp-content\/uploads\/2020\/11\/article-Le-Parisien-salon-savigny-2014-1-250x571.png 250w, https:\/\/www.nocedereve.fr\/wp-content\/uploads\/2020\/11\/article-Le-Parisien-salon-savigny-2014-1-657x1500.png 657w, https:\/\/www.nocedereve.fr\/wp-content\/uploads\/2020\/11\/article-Le-Parisien-salon-savigny-2014-1-309x705.png 309w, https:\/\/www.nocedereve.fr\/wp-content\/uploads\/2020\/11\/article-Le-Parisien-salon-savigny-2014-1.png 941w\" sizes=\"(max-width: 131px) 100vw, 131px\" \/><\/a><\/div><\/div><\/div><br \/>\n<section  class='av_textblock_section av-kjv6irg9-13c8ba2a8319088632ed01f73bc90d51 '   itemscope=\"itemscope\" itemtype=\"https:\/\/schema.org\/CreativeWork\" ><div class='avia_textblock'  itemprop=\"text\" ><p style=\"text-align: center;\">Le Parisien January 2014<\/p>\n<\/div><\/section><\/p><\/div>\n\n<style type=\"text\/css\" data-created_by=\"avia_inline_auto\" id=\"style-css-av-11xaeu-ae568c0dc79a4e29379ed5a68a47352c\">\n.flex_column.av-11xaeu-ae568c0dc79a4e29379ed5a68a47352c{\nborder-radius:0px 0px 0px 0px;\npadding:0px 0px 0px 0px;\n}\n<\/style>\n<div  class='flex_column av-11xaeu-ae568c0dc79a4e29379ed5a68a47352c av_one_third  avia-builder-el-49  el_after_av_one_third  el_before_av_player  flex_column_div av-zero-column-padding  column-top-margin'     ><p>\n<style type=\"text\/css\" data-created_by=\"avia_inline_auto\" id=\"style-css-av-8yjzl2-1bb9690f99d6ba3b620dc5af0216df3e\">\n.avia-image-container.av-8yjzl2-1bb9690f99d6ba3b620dc5af0216df3e img.avia_image{\nbox-shadow:none;\n}\n.avia-image-container.av-8yjzl2-1bb9690f99d6ba3b620dc5af0216df3e .av-image-caption-overlay-center{\ncolor:#ffffff;\n}\n<\/style>\n<div  class='avia-image-container av-8yjzl2-1bb9690f99d6ba3b620dc5af0216df3e av-styling- av-img-linked avia-align-center  avia-builder-el-50  el_before_av_textblock  avia-builder-el-first '   itemprop=\"image\" itemscope=\"itemscope\" itemtype=\"https:\/\/schema.org\/ImageObject\" ><div class=\"avia-image-container-inner\"><div class=\"avia-image-overlay-wrap\"><a href=\"https:\/\/www.nocedereve.fr\/wp-content\/uploads\/2020\/11\/Article-Salon-Savigny-785x1030.jpg\" data-srcset=\"https:\/\/www.nocedereve.fr\/wp-content\/uploads\/2020\/11\/Article-Salon-Savigny-785x1030.jpg 785w, https:\/\/www.nocedereve.fr\/wp-content\/uploads\/2020\/11\/Article-Salon-Savigny-229x300.jpg 229w, https:\/\/www.nocedereve.fr\/wp-content\/uploads\/2020\/11\/Article-Salon-Savigny-768x1008.jpg 768w, https:\/\/www.nocedereve.fr\/wp-content\/uploads\/2020\/11\/Article-Salon-Savigny-250x328.jpg 250w, https:\/\/www.nocedereve.fr\/wp-content\/uploads\/2020\/11\/Article-Salon-Savigny-537x705.jpg 537w, https:\/\/www.nocedereve.fr\/wp-content\/uploads\/2020\/11\/Article-Salon-Savigny.jpg 893w\" data-sizes=\"(max-width: 785px) 100vw, 785px\" class='avia_image '  aria-label='Article-Salon-Savigny'><img decoding=\"async\" fetchpriority=\"high\" class='wp-image-8946 avia-img-lazy-loading-not-8946 avia_image ' src=\"https:\/\/www.nocedereve.fr\/wp-content\/uploads\/2020\/11\/Article-Salon-Savigny-229x300.jpg\" alt='On parle de nous dans les m\u00e9dias 2' title='Article-Salon-Savigny'  height=\"300\" width=\"229\"  itemprop=\"thumbnailUrl\" srcset=\"https:\/\/www.nocedereve.fr\/wp-content\/uploads\/2020\/11\/Article-Salon-Savigny-229x300.jpg 229w, https:\/\/www.nocedereve.fr\/wp-content\/uploads\/2020\/11\/Article-Salon-Savigny-785x1030.jpg 785w, https:\/\/www.nocedereve.fr\/wp-content\/uploads\/2020\/11\/Article-Salon-Savigny-768x1008.jpg 768w, https:\/\/www.nocedereve.fr\/wp-content\/uploads\/2020\/11\/Article-Salon-Savigny-250x328.jpg 250w, https:\/\/www.nocedereve.fr\/wp-content\/uploads\/2020\/11\/Article-Salon-Savigny-537x705.jpg 537w, https:\/\/www.nocedereve.fr\/wp-content\/uploads\/2020\/11\/Article-Salon-Savigny.jpg 893w\" sizes=\"(max-width: 229px) 100vw, 229px\" \/><\/a><\/div><\/div><\/div><br \/>\n<section  class='av_textblock_section av-kjvc5b0e-2945c1a0c68fb79954ddf26c8c02a06e '   itemscope=\"itemscope\" itemtype=\"https:\/\/schema.org\/CreativeWork\" ><div class='avia_textblock'  itemprop=\"text\" ><p style=\"text-align: center;\">Panorama January 2012<\/p>\n<\/div><\/section><\/p><\/div>\n\n","protected":false},"excerpt":{"rendered":"","protected":false},"author":9192193,"featured_media":0,"parent":0,"menu_order":0,"comment_status":"closed","ping_status":"closed","template":"","meta":{"_exactmetrics_skip_tracking":false,"_exactmetrics_sitenote_active":false,"_exactmetrics_sitenote_note":"","_exactmetrics_sitenote_category":0,"footnotes":""},"class_list":["post-11891","page","type-page","status-publish","hentry"],"yoast_head":"<!-- This site is optimized with the Yoast SEO plugin v27.4 - https:\/\/yoast.com\/product\/yoast-seo-wordpress\/ -->\n<title>French press - Agence Wedding planner - Organisateur de mariage Var, Alpes-Maritimes<\/title>\n<meta name=\"robots\" content=\"index, follow, max-snippet:-1, max-image-preview:large, max-video-preview:-1\" \/>\n<link rel=\"canonical\" href=\"https:\/\/www.nocedereve.fr\/en\/we-are-in-the-french-press\" \/>\n<meta property=\"og:locale\" content=\"en_US\" \/>\n<meta property=\"og:type\" content=\"article\" \/>\n<meta property=\"og:title\" content=\"French press - Agence Wedding planner - Organisateur de mariage Var, Alpes-Maritimes\" \/>\n<meta property=\"og:url\" content=\"https:\/\/www.nocedereve.fr\/en\/we-are-in-the-french-press\" \/>\n<meta property=\"og:site_name\" content=\"Agence Wedding planner - Organisateur de mariage Var, Alpes-Maritimes\" \/>\n<meta property=\"article:publisher\" content=\"https:\/\/www.facebook.com\/nocedereve\" \/>\n<meta property=\"article:modified_time\" content=\"2021-04-20T14:06:51+00:00\" \/>\n<meta name=\"twitter:card\" content=\"summary_large_image\" \/>\n<meta name=\"twitter:label1\" content=\"Est. reading time\" \/>\n\t<meta name=\"twitter:data1\" content=\"21 minutes\" \/>\n<script type=\"application\/ld+json\" class=\"yoast-schema-graph\">{\"@context\":\"https:\\\/\\\/schema.org\",\"@graph\":[{\"@type\":\"WebPage\",\"@id\":\"https:\\\/\\\/www.nocedereve.fr\\\/en\\\/we-are-in-the-french-press\",\"url\":\"https:\\\/\\\/www.nocedereve.fr\\\/en\\\/we-are-in-the-french-press\",\"name\":\"French press - Agence Wedding planner - Organisateur de mariage Var, Alpes-Maritimes\",\"isPartOf\":{\"@id\":\"https:\\\/\\\/www.nocedereve.fr\\\/#website\"},\"datePublished\":\"2021-04-20T14:06:04+00:00\",\"dateModified\":\"2021-04-20T14:06:51+00:00\",\"breadcrumb\":{\"@id\":\"https:\\\/\\\/www.nocedereve.fr\\\/en\\\/we-are-in-the-french-press#breadcrumb\"},\"inLanguage\":\"en-US\",\"potentialAction\":[{\"@type\":\"ReadAction\",\"target\":[\"https:\\\/\\\/www.nocedereve.fr\\\/en\\\/we-are-in-the-french-press\"]}]},{\"@type\":\"BreadcrumbList\",\"@id\":\"https:\\\/\\\/www.nocedereve.fr\\\/en\\\/we-are-in-the-french-press#breadcrumb\",\"itemListElement\":[{\"@type\":\"ListItem\",\"position\":1,\"name\":\"Accueil\",\"item\":\"https:\\\/\\\/www.nocedereve.fr\\\/en\"},{\"@type\":\"ListItem\",\"position\":2,\"name\":\"French press\"}]},{\"@type\":\"WebSite\",\"@id\":\"https:\\\/\\\/www.nocedereve.fr\\\/#website\",\"url\":\"https:\\\/\\\/www.nocedereve.fr\\\/\",\"name\":\"Agence Wedding planner - Organisateur de mariage Var, Alpes-Maritimes\",\"description\":\"Agence Noce de r\u00eave : Wedding Planner, organisation de mariage et c\u00e9r\u00e9monies laiques sur la C\u00f4te d\u2019Azur, Provence et Monaco\",\"publisher\":{\"@id\":\"https:\\\/\\\/www.nocedereve.fr\\\/#organization\"},\"potentialAction\":[{\"@type\":\"SearchAction\",\"target\":{\"@type\":\"EntryPoint\",\"urlTemplate\":\"https:\\\/\\\/www.nocedereve.fr\\\/?s={search_term_string}\"},\"query-input\":{\"@type\":\"PropertyValueSpecification\",\"valueRequired\":true,\"valueName\":\"search_term_string\"}}],\"inLanguage\":\"en-US\"},{\"@type\":\"Organization\",\"@id\":\"https:\\\/\\\/www.nocedereve.fr\\\/#organization\",\"name\":\"Noce de r\u00eave\",\"url\":\"https:\\\/\\\/www.nocedereve.fr\\\/\",\"logo\":{\"@type\":\"ImageObject\",\"inLanguage\":\"en-US\",\"@id\":\"https:\\\/\\\/www.nocedereve.fr\\\/#\\\/schema\\\/logo\\\/image\\\/\",\"url\":\"https:\\\/\\\/www.nocedereve.fr\\\/wp-content\\\/uploads\\\/2016\\\/05\\\/cropped-logo-nocedereve.jpg\",\"contentUrl\":\"https:\\\/\\\/www.nocedereve.fr\\\/wp-content\\\/uploads\\\/2016\\\/05\\\/cropped-logo-nocedereve.jpg\",\"width\":512,\"height\":512,\"caption\":\"Noce de r\u00eave\"},\"image\":{\"@id\":\"https:\\\/\\\/www.nocedereve.fr\\\/#\\\/schema\\\/logo\\\/image\\\/\"},\"sameAs\":[\"https:\\\/\\\/www.facebook.com\\\/nocedereve\"]}]}<\/script>\n<!-- \/ Yoast SEO plugin. -->","yoast_head_json":{"title":"French press - Agence Wedding planner - Organisateur de mariage Var, Alpes-Maritimes","robots":{"index":"index","follow":"follow","max-snippet":"max-snippet:-1","max-image-preview":"max-image-preview:large","max-video-preview":"max-video-preview:-1"},"canonical":"https:\/\/www.nocedereve.fr\/en\/we-are-in-the-french-press","og_locale":"en_US","og_type":"article","og_title":"French press - Agence Wedding planner - Organisateur de mariage Var, Alpes-Maritimes","og_url":"https:\/\/www.nocedereve.fr\/en\/we-are-in-the-french-press","og_site_name":"Agence Wedding planner - Organisateur de mariage Var, Alpes-Maritimes","article_publisher":"https:\/\/www.facebook.com\/nocedereve","article_modified_time":"2021-04-20T14:06:51+00:00","twitter_card":"summary_large_image","twitter_misc":{"Est. reading time":"21 minutes"},"schema":{"@context":"https:\/\/schema.org","@graph":[{"@type":"WebPage","@id":"https:\/\/www.nocedereve.fr\/en\/we-are-in-the-french-press","url":"https:\/\/www.nocedereve.fr\/en\/we-are-in-the-french-press","name":"French press - Agence Wedding planner - Organisateur de mariage Var, Alpes-Maritimes","isPartOf":{"@id":"https:\/\/www.nocedereve.fr\/#website"},"datePublished":"2021-04-20T14:06:04+00:00","dateModified":"2021-04-20T14:06:51+00:00","breadcrumb":{"@id":"https:\/\/www.nocedereve.fr\/en\/we-are-in-the-french-press#breadcrumb"},"inLanguage":"en-US","potentialAction":[{"@type":"ReadAction","target":["https:\/\/www.nocedereve.fr\/en\/we-are-in-the-french-press"]}]},{"@type":"BreadcrumbList","@id":"https:\/\/www.nocedereve.fr\/en\/we-are-in-the-french-press#breadcrumb","itemListElement":[{"@type":"ListItem","position":1,"name":"Accueil","item":"https:\/\/www.nocedereve.fr\/en"},{"@type":"ListItem","position":2,"name":"French press"}]},{"@type":"WebSite","@id":"https:\/\/www.nocedereve.fr\/#website","url":"https:\/\/www.nocedereve.fr\/","name":"Agence Wedding planner - Organisateur de mariage Var, Alpes-Maritimes","description":"Agence Noce de r\u00eave : Wedding Planner, organisation de mariage et c\u00e9r\u00e9monies laiques sur la C\u00f4te d\u2019Azur, Provence et Monaco","publisher":{"@id":"https:\/\/www.nocedereve.fr\/#organization"},"potentialAction":[{"@type":"SearchAction","target":{"@type":"EntryPoint","urlTemplate":"https:\/\/www.nocedereve.fr\/?s={search_term_string}"},"query-input":{"@type":"PropertyValueSpecification","valueRequired":true,"valueName":"search_term_string"}}],"inLanguage":"en-US"},{"@type":"Organization","@id":"https:\/\/www.nocedereve.fr\/#organization","name":"Noce de r\u00eave","url":"https:\/\/www.nocedereve.fr\/","logo":{"@type":"ImageObject","inLanguage":"en-US","@id":"https:\/\/www.nocedereve.fr\/#\/schema\/logo\/image\/","url":"https:\/\/www.nocedereve.fr\/wp-content\/uploads\/2016\/05\/cropped-logo-nocedereve.jpg","contentUrl":"https:\/\/www.nocedereve.fr\/wp-content\/uploads\/2016\/05\/cropped-logo-nocedereve.jpg","width":512,"height":512,"caption":"Noce de r\u00eave"},"image":{"@id":"https:\/\/www.nocedereve.fr\/#\/schema\/logo\/image\/"},"sameAs":["https:\/\/www.facebook.com\/nocedereve"]}]}},"_links":{"self":[{"href":"https:\/\/www.nocedereve.fr\/en\/wp-json\/wp\/v2\/pages\/11891","targetHints":{"allow":["GET"]}}],"collection":[{"href":"https:\/\/www.nocedereve.fr\/en\/wp-json\/wp\/v2\/pages"}],"about":[{"href":"https:\/\/www.nocedereve.fr\/en\/wp-json\/wp\/v2\/types\/page"}],"author":[{"embeddable":true,"href":"https:\/\/www.nocedereve.fr\/en\/wp-json\/wp\/v2\/users\/9192193"}],"replies":[{"embeddable":true,"href":"https:\/\/www.nocedereve.fr\/en\/wp-json\/wp\/v2\/comments?post=11891"}],"version-history":[{"count":5,"href":"https:\/\/www.nocedereve.fr\/en\/wp-json\/wp\/v2\/pages\/11891\/revisions"}],"predecessor-version":[{"id":11899,"href":"https:\/\/www.nocedereve.fr\/en\/wp-json\/wp\/v2\/pages\/11891\/revisions\/11899"}],"wp:attachment":[{"href":"https:\/\/www.nocedereve.fr\/en\/wp-json\/wp\/v2\/media?parent=11891"}],"curies":[{"name":"wp","href":"https:\/\/api.w.org\/{rel}","templated":true}]}}